{"id":20,"date":"2022-11-08T08:59:53","date_gmt":"2022-11-08T07:59:53","guid":{"rendered":"http:\/\/www.ecodepol.be\/?page_id=20"},"modified":"2025-08-07T10:31:53","modified_gmt":"2025-08-07T08:31:53","slug":"qui-sommes-nous","status":"publish","type":"page","link":"https:\/\/www.ecodepol.be\/index.php\/qui-sommes-nous\/","title":{"rendered":"Notre soci\u00e9t\u00e9"},"content":{"rendered":"\t\t<div data-elementor-type=\"wp-page\" data-elementor-id=\"20\" class=\"elementor elementor-20\" data-elementor-post-type=\"page\">\n\t\t\t\t\t\t<section class=\"elementor-section elementor-top-section elementor-element elementor-element-252a4502 elementor-section-content-middle elementor-section-boxed elementor-section-height-default elementor-section-height-default\" data-id=\"252a4502\" data-element_type=\"section\">\n\t\t\t\t\t\t<div class=\"elementor-container elementor-column-gap-no\">\n\t\t\t\t\t<div class=\"elementor-column elementor-col-100 elementor-top-column elementor-element elementor-element-3304ddf\" data-id=\"3304ddf\" data-element_type=\"column\">\n\t\t\t<div class=\"elementor-widget-wrap elementor-element-populated\">\n\t\t\t\t\t\t<div class=\"elementor-element elementor-element-2ee17bd3 elementor-widget elementor-widget-heading\" data-id=\"2ee17bd3\" data-element_type=\"widget\" data-widget_type=\"heading.default\">\n\t\t\t\t<div class=\"elementor-widget-container\">\n\t\t\t\t\t<h4 class=\"elementor-heading-title elementor-size-default\">Notre soci\u00e9t\u00e9<\/h4>\t\t\t\t<\/div>\n\t\t\t\t<\/div>\n\t\t\t\t\t<\/div>\n\t\t<\/div>\n\t\t\t\t\t<\/div>\n\t\t<\/section>\n\t\t\t\t<section class=\"elementor-section elementor-top-section elementor-element elementor-element-764fdb6 elementor-section-boxed elementor-section-height-default elementor-section-height-default\" data-id=\"764fdb6\" data-element_type=\"section\">\n\t\t\t\t\t\t<div class=\"elementor-container elementor-column-gap-default\">\n\t\t\t\t\t<div class=\"elementor-column elementor-col-50 elementor-top-column elementor-element elementor-element-4659b30\" data-id=\"4659b30\" data-element_type=\"column\">\n\t\t\t<div class=\"elementor-widget-wrap elementor-element-populated\">\n\t\t\t\t\t\t<div class=\"elementor-element elementor-element-590cef0 elementor-widget elementor-widget-image\" data-id=\"590cef0\" data-element_type=\"widget\" data-widget_type=\"image.default\">\n\t\t\t\t<div class=\"elementor-widget-container\">\n\t\t\t\t\t\t\t\t\t\t\t\t\t\t\t<img decoding=\"async\" src=\"https:\/\/www.ecodepol.be\/wp-content\/uploads\/elementor\/thumbs\/Ecodepol-2-683x1024-1-r73myyv03xqpewncvmyc0lta4sc14dg7ivg57n2fwg.jpg\" title=\"Ecodepol-2-683&#215;1024\" alt=\"Ecodepol-2-683x1024\" loading=\"lazy\" \/>\t\t\t\t\t\t\t\t\t\t\t\t\t\t\t<\/div>\n\t\t\t\t<\/div>\n\t\t\t\t\t<\/div>\n\t\t<\/div>\n\t\t\t\t<div class=\"elementor-column elementor-col-50 elementor-top-column elementor-element elementor-element-3d2248c0\" data-id=\"3d2248c0\" data-element_type=\"column\">\n\t\t\t<div class=\"elementor-widget-wrap elementor-element-populated\">\n\t\t\t\t\t\t<div class=\"elementor-element elementor-element-55482654 elementor-widget elementor-widget-text-editor\" data-id=\"55482654\" data-element_type=\"widget\" data-widget_type=\"text-editor.default\">\n\t\t\t\t<div class=\"elementor-widget-container\">\n\t\t\t\t\t\t\t\t\t<h2 data-start=\"131\" data-end=\"148\">Les fondateurs<\/h2><p data-start=\"150\" data-end=\"410\">Nous sommes deux : Guy Desmedt et Rach\u00e8le Fontenelle. Anciens coll\u00e8gues, nous avons travaill\u00e9 ensemble plus de dix ans dans plusieurs entreprises du secteur environnemental. Aujourd\u2019hui, nous avons choisi de cr\u00e9er une structure \u00e0 taille humaine, \u00e0 notre image.<\/p><p data-start=\"412\" data-end=\"676\"><strong data-start=\"412\" data-end=\"419\">Guy<\/strong>, c\u2019est l\u2019homme de terrain. Chauffeur poids-lourd, terrassier, op\u00e9rateur camion vacuum, technicien, magasinier\u2026 Il a touch\u00e9 \u00e0 tout avant de devenir responsable du d\u00e9partement d\u00e9pollution. Il ma\u00eetrise chaque \u00e9tape du m\u00e9tier, jusque dans les moindres d\u00e9tails.<\/p><p data-start=\"678\" data-end=\"941\"><strong data-start=\"678\" data-end=\"689\">Rach\u00e8le<\/strong>, c\u2019est le pilier administratif. Issue du monde de la communication et de l\u2019\u00e9criture multim\u00e9dia, elle s\u2019est rapidement tourn\u00e9e vers la gestion. De l\u2019administratif \u00e0 la coordination, elle a \u00e9volu\u00e9 comme assistante de direction dans plusieurs structures.<\/p><p data-start=\"678\" data-end=\"941\">Nous avons cr\u00e9\u00e9 cette entreprise avec l\u2019envie de faire les choses autrement. \u00catre proches de nos clients, disponibles, efficaces, mais aussi responsables. Chaque chantier est suivi avec rigueur, et chaque d\u00e9cision est prise avec bon sens. Pas de promesses inutiles, juste du travail bien fait, dans le respect des personnes et de l\u2019environnement.<\/p>\t\t\t\t\t\t\t\t<\/div>\n\t\t\t\t<\/div>\n\t\t\t\t\t<\/div>\n\t\t<\/div>\n\t\t\t\t\t<\/div>\n\t\t<\/section>\n\t\t\t\t<section class=\"elementor-section elementor-top-section elementor-element elementor-element-59820268 elementor-section-boxed elementor-section-height-default elementor-section-height-default\" data-id=\"59820268\" data-element_type=\"section\">\n\t\t\t\t\t\t<div class=\"elementor-container elementor-column-gap-default\">\n\t\t\t\t\t<div class=\"elementor-column elementor-col-100 elementor-top-column elementor-element elementor-element-229586e\" data-id=\"229586e\" data-element_type=\"column\">\n\t\t\t<div class=\"elementor-widget-wrap\">\n\t\t\t\t\t\t\t<\/div>\n\t\t<\/div>\n\t\t\t\t\t<\/div>\n\t\t<\/section>\n\t\t\t\t<section class=\"elementor-section elementor-top-section elementor-element elementor-element-f13571d elementor-section-boxed elementor-section-height-default elementor-section-height-default\" data-id=\"f13571d\" data-element_type=\"section\" data-settings=\"{&quot;background_background&quot;:&quot;classic&quot;}\">\n\t\t\t\t\t\t<div class=\"elementor-container elementor-column-gap-default\">\n\t\t\t\t\t<div class=\"elementor-column elementor-col-50 elementor-top-column elementor-element elementor-element-782b570\" data-id=\"782b570\" data-element_type=\"column\">\n\t\t\t<div class=\"elementor-widget-wrap elementor-element-populated\">\n\t\t\t\t\t\t<div class=\"elementor-element elementor-element-9f2dea5 elementor-widget__width-initial elementor-widget elementor-widget-qi_addons_for_elementor_team_member\" data-id=\"9f2dea5\" data-element_type=\"widget\" data-widget_type=\"qi_addons_for_elementor_team_member.default\">\n\t\t\t\t<div class=\"elementor-widget-container\">\n\t\t\t\t\t<div class=\"qodef-shortcode qodef-m  qodef-qi-team-member qodef-item-layout--info-below \">\n\t<div class=\"qodef-m-inner\">\n\t\t<div class=\"qodef-m-image\">\n\t\t\t\t<div class=\"qodef-m-media-image\">\n\t\t<img decoding=\"async\" width=\"150\" height=\"150\" src=\"https:\/\/www.ecodepol.be\/wp-content\/uploads\/2023\/01\/profile-pic5-150x150.png\" class=\"attachment-thumbnail size-thumbnail\" alt=\"\" srcset=\"https:\/\/www.ecodepol.be\/wp-content\/uploads\/2023\/01\/profile-pic5-150x150.png 150w, https:\/\/www.ecodepol.be\/wp-content\/uploads\/2023\/01\/profile-pic5-300x300.png 300w, https:\/\/www.ecodepol.be\/wp-content\/uploads\/2023\/01\/profile-pic5.png 612w\" sizes=\"(max-width: 150px) 100vw, 150px\" \/>\t<\/div>\n\t\t<\/div>\n\t\t<div class=\"qodef-m-content\">\n\t\t\t\t<h4 itemprop=\"name\" class=\"qodef-m-title\">\n\t\tGuy Desmedt\t<\/h4>\n\t\t\t\t\t<p class=\"qodef-m-role\">Administrateur<\/p>\n\t\t\t\t<div class=\"qodef-m-social-icons\">\n\t\t\t\t\t\t\t<a class=\"qodef-e-social-icon-link\" itemprop=\"url\" href=\"https:\/\/www.linkedin.com\/in\/guy-desmedt-%F0%9F%9F%A2-315123179?lipi=urn%3Ali%3Apage%3Ad_flagship3_profile_view_base_contact_details%3Bh3cLAcZFRsuCwC%2BCmeZvZQ%3D%3D\" target=\"_blank\">\n\t\t\t\t\t\t\t\t<span class=\"qodef-e-social-icon\">\n\t\t\t\t\t<i aria-hidden=\"true\" class=\"fab fa-linkedin\"><\/i>\t\t\t\t<\/span>\n\t\t\t\t\t\t\t\t\t<\/a>\n\t\t\t\t\t\t\t\t\t\t<a class=\"qodef-e-social-icon-link\" itemprop=\"url\" href=\"mailto:guy@ecodepol.be\" target=\"_self\">\n\t\t\t\t\t\t\t\t<span class=\"qodef-e-social-icon\">\n\t\t\t\t\t<i aria-hidden=\"true\" class=\"far fa-envelope\"><\/i>\t\t\t\t<\/span>\n\t\t\t\t\t\t\t\t\t<\/a>\n\t\t\t\t\t\t\t\t\t\t<a class=\"qodef-e-social-icon-link\" itemprop=\"url\" href=\"http:\/\/0496242686\" target=\"_blank\" rel=\"nofollow\">\n\t\t\t\t\t\t\t\t<span class=\"qodef-e-social-icon\">\n\t\t\t\t\t<i aria-hidden=\"true\" class=\"fas fa-phone-square-alt\"><\/i>\t\t\t\t<\/span>\n\t\t\t\t\t\t\t\t\t<\/a>\n\t\t\t\t\t\t<\/div>\n\t\t<\/div>\n\t<\/div>\n<\/div>\n\t\t\t\t<\/div>\n\t\t\t\t<\/div>\n\t\t\t\t\t<\/div>\n\t\t<\/div>\n\t\t\t\t<div class=\"elementor-column elementor-col-50 elementor-top-column elementor-element elementor-element-c355d3c\" data-id=\"c355d3c\" data-element_type=\"column\">\n\t\t\t<div class=\"elementor-widget-wrap elementor-element-populated\">\n\t\t\t\t\t\t<div class=\"elementor-element elementor-element-11dde65 elementor-widget elementor-widget-qi_addons_for_elementor_team_member\" data-id=\"11dde65\" data-element_type=\"widget\" data-widget_type=\"qi_addons_for_elementor_team_member.default\">\n\t\t\t\t<div class=\"elementor-widget-container\">\n\t\t\t\t\t<div class=\"qodef-shortcode qodef-m  qodef-qi-team-member qodef-item-layout--info-below \">\n\t<div class=\"qodef-m-inner\">\n\t\t<div class=\"qodef-m-image\">\n\t\t\t\t<div class=\"qodef-m-media-image\">\n\t\t<img decoding=\"async\" width=\"150\" height=\"150\" src=\"https:\/\/www.ecodepol.be\/wp-content\/uploads\/2023\/01\/profile-pic1-150x150.png\" class=\"attachment-thumbnail size-thumbnail\" alt=\"\" srcset=\"https:\/\/www.ecodepol.be\/wp-content\/uploads\/2023\/01\/profile-pic1-150x150.png 150w, https:\/\/www.ecodepol.be\/wp-content\/uploads\/2023\/01\/profile-pic1-300x300.png 300w, https:\/\/www.ecodepol.be\/wp-content\/uploads\/2023\/01\/profile-pic1.png 612w\" sizes=\"(max-width: 150px) 100vw, 150px\" \/>\t<\/div>\n\t\t<\/div>\n\t\t<div class=\"qodef-m-content\">\n\t\t\t\t<h4 itemprop=\"name\" class=\"qodef-m-title\">\n\t\tRach\u00e8le Fontenelle\t<\/h4>\n\t\t\t\t\t<p class=\"qodef-m-role\">Administratrice<\/p>\n\t\t\t\t<div class=\"qodef-m-social-icons\">\n\t\t\t\t\t\t\t<a class=\"qodef-e-social-icon-link\" itemprop=\"url\" href=\"https:\/\/www.linkedin.com\/in\/rach%C3%A8le-fontenelle-%F0%9F%9F%A3-aa930532?lipi=urn%3Ali%3Apage%3Ad_flagship3_profile_view_base_contact_details%3BEiGTUS9xTvi%2BhlfcKzu8CQ%3D%3D\" target=\"_blank\">\n\t\t\t\t\t\t\t\t<span class=\"qodef-e-social-icon\">\n\t\t\t\t\t<i aria-hidden=\"true\" class=\"fab fa-linkedin\"><\/i>\t\t\t\t<\/span>\n\t\t\t\t\t\t\t\t\t<\/a>\n\t\t\t\t\t\t\t\t\t\t<a class=\"qodef-e-social-icon-link\" itemprop=\"url\" href=\"mailto:rachele@ecodepol.be\" target=\"_blank\">\n\t\t\t\t\t\t\t\t<span class=\"qodef-e-social-icon\">\n\t\t\t\t\t<i aria-hidden=\"true\" class=\"far fa-envelope\"><\/i>\t\t\t\t<\/span>\n\t\t\t\t\t\t\t\t\t<\/a>\n\t\t\t\t\t\t\t\t\t\t<a class=\"qodef-e-social-icon-link\" itemprop=\"url\" href=\"http:\/\/0496242676\" target=\"_blank\">\n\t\t\t\t\t\t\t\t<span class=\"qodef-e-social-icon\">\n\t\t\t\t\t<i aria-hidden=\"true\" class=\"fas fa-phone-square-alt\"><\/i>\t\t\t\t<\/span>\n\t\t\t\t\t\t\t\t\t<\/a>\n\t\t\t\t\t\t<\/div>\n\t\t<\/div>\n\t<\/div>\n<\/div>\n\t\t\t\t<\/div>\n\t\t\t\t<\/div>\n\t\t\t\t\t<\/div>\n\t\t<\/div>\n\t\t\t\t\t<\/div>\n\t\t<\/section>\n\t\t\t\t<section class=\"elementor-section elementor-top-section elementor-element elementor-element-2bbf41c elementor-section-boxed elementor-section-height-default elementor-section-height-default\" data-id=\"2bbf41c\" data-element_type=\"section\">\n\t\t\t\t\t\t<div class=\"elementor-container elementor-column-gap-default\">\n\t\t\t\t\t<div class=\"elementor-column elementor-col-100 elementor-top-column elementor-element elementor-element-6242ca2\" data-id=\"6242ca2\" data-element_type=\"column\">\n\t\t\t<div class=\"elementor-widget-wrap elementor-element-populated\">\n\t\t\t\t\t\t<div class=\"elementor-element elementor-element-9966fb2 elementor-widget elementor-widget-text-editor\" data-id=\"9966fb2\" data-element_type=\"widget\" data-widget_type=\"text-editor.default\">\n\t\t\t\t<div class=\"elementor-widget-container\">\n\t\t\t\t\t\t\t\t\t<h2>Nos valeurs<\/h2>\n<p><!-- \/wp:heading --><\/p>\n<p>Notre entreprise est avant tout une aventure familiale. Nous voulons grandir sans jamais perdre cette dimension humaine, o\u00f9 l\u2019entraide, le respect et la transparence sont au c\u0153ur de tout.<\/p>\n<p>Actifs dans le secteur environnemental, nous voulons r\u00e9duire autant que possible l\u2019impact \u00e9cologique de nos chantiers. Cela passe par des actions concr\u00e8tes, des partenariats responsables, et une charte de bonnes pratiques que nous vous pr\u00e9senterons bient\u00f4t. Trouver le bon \u00e9quilibre entre \u00e9cologie et rentabilit\u00e9 n\u2019est pas simple, mais nous croyons fermement que c\u2019est possible.<\/p>\n<p>Nous croyons aussi \u00e0 la force du r\u00e9seau. Depuis nos d\u00e9buts, nous collaborons avec d\u2019autres acteurs du secteur, en partageant du mat\u00e9riel, des conseils ou du temps. Et quand une erreur survient, on l\u2019assume, on r\u00e9pare. Parce qu\u2019au fond, nous voulons b\u00e2tir une entreprise durable, coh\u00e9rente, et \u00e0 notre image.<\/p>\n<p>\u00a0<\/p>\n<p><!-- \/wp:heading --><\/p>\t\t\t\t\t\t\t\t<\/div>\n\t\t\t\t<\/div>\n\t\t\t\t<div class=\"elementor-element elementor-element-ac9967c elementor-widget elementor-widget-image\" data-id=\"ac9967c\" data-element_type=\"widget\" data-widget_type=\"image.default\">\n\t\t\t\t<div class=\"elementor-widget-container\">\n\t\t\t\t\t\t\t\t\t\t\t\t\t\t\t<img fetchpriority=\"high\" decoding=\"async\" width=\"1024\" height=\"768\" src=\"https:\/\/www.ecodepol.be\/wp-content\/uploads\/2022\/11\/valeurs.png\" class=\"attachment-large size-large wp-image-99\" alt=\"\" srcset=\"https:\/\/www.ecodepol.be\/wp-content\/uploads\/2022\/11\/valeurs.png 1024w, https:\/\/www.ecodepol.be\/wp-content\/uploads\/2022\/11\/valeurs-300x225.png 300w, https:\/\/www.ecodepol.be\/wp-content\/uploads\/2022\/11\/valeurs-768x576.png 768w\" sizes=\"(max-width: 1024px) 100vw, 1024px\" \/>\t\t\t\t\t\t\t\t\t\t\t\t\t\t\t<\/div>\n\t\t\t\t<\/div>\n\t\t\t\t\t<\/div>\n\t\t<\/div>\n\t\t\t\t\t<\/div>\n\t\t<\/section>\n\t\t\t\t<section class=\"elementor-section elementor-top-section elementor-element elementor-element-694ac16 elementor-section-boxed elementor-section-height-default elementor-section-height-default\" data-id=\"694ac16\" data-element_type=\"section\">\n\t\t\t\t\t\t<div class=\"elementor-container elementor-column-gap-default\">\n\t\t\t\t\t<div class=\"elementor-column elementor-col-100 elementor-top-column elementor-element elementor-element-7eb2424\" data-id=\"7eb2424\" data-element_type=\"column\">\n\t\t\t<div class=\"elementor-widget-wrap\">\n\t\t\t\t\t\t\t<\/div>\n\t\t<\/div>\n\t\t\t\t\t<\/div>\n\t\t<\/section>\n\t\t\t\t<\/div>\n\t\t","protected":false},"excerpt":{"rendered":"<p>Notre soci\u00e9t\u00e9 Les fondateurs Nous sommes deux : Guy Desmedt et Rach\u00e8le Fontenelle. Anciens coll\u00e8gues, nous avons travaill\u00e9 ensemble plus de dix ans dans plusieurs entreprises du secteur environnemental. Aujourd\u2019hui, nous avons choisi de cr\u00e9er une structure \u00e0 taille humaine, \u00e0 notre image. Guy, c\u2019est l\u2019homme de terrain. Chauffeur poids-lourd, terrassier, op\u00e9rateur camion vacuum, technicien, &#8230; <a title=\"Notre soci\u00e9t\u00e9\" class=\"read-more\" href=\"https:\/\/www.ecodepol.be\/index.php\/qui-sommes-nous\/\" aria-label=\"En savoir plus sur Notre soci\u00e9t\u00e9\">Lire la suite<\/a><\/p>\n","protected":false},"author":1,"featured_media":0,"parent":0,"menu_order":0,"comment_status":"closed","ping_status":"closed","template":"","meta":{"footnotes":""},"class_list":["post-20","page","type-page","status-publish"],"yoast_head":"<!-- This site is optimized with the Yoast SEO plugin v20.0 - https:\/\/yoast.com\/wordpress\/plugins\/seo\/ -->\n<title>Notre soci\u00e9t\u00e9 -<\/title>\n<meta name=\"robots\" content=\"index, follow, max-snippet:-1, max-image-preview:large, max-video-preview:-1\" \/>\n<link rel=\"canonical\" href=\"https:\/\/www.ecodepol.be\/index.php\/qui-sommes-nous\/\" \/>\n<meta property=\"og:locale\" content=\"fr_FR\" \/>\n<meta property=\"og:type\" content=\"article\" \/>\n<meta property=\"og:title\" content=\"Notre soci\u00e9t\u00e9 -\" \/>\n<meta property=\"og:description\" content=\"Notre soci\u00e9t\u00e9 Les fondateurs Nous sommes deux : Guy Desmedt et Rach\u00e8le Fontenelle. Anciens coll\u00e8gues, nous avons travaill\u00e9 ensemble plus de dix ans dans plusieurs entreprises du secteur environnemental. Aujourd\u2019hui, nous avons choisi de cr\u00e9er une structure \u00e0 taille humaine, \u00e0 notre image. Guy, c\u2019est l\u2019homme de terrain. Chauffeur poids-lourd, terrassier, op\u00e9rateur camion vacuum, technicien, ... Lire la suite\" \/>\n<meta property=\"og:url\" content=\"https:\/\/www.ecodepol.be\/index.php\/qui-sommes-nous\/\" \/>\n<meta property=\"article:publisher\" content=\"https:\/\/www.facebook.com\/ecodepol\" \/>\n<meta property=\"article:modified_time\" content=\"2025-08-07T08:31:53+00:00\" \/>\n<meta property=\"og:image\" content=\"https:\/\/www.ecodepol.be\/wp-content\/uploads\/elementor\/thumbs\/Ecodepol-2-683x1024-1-r73myyv03xqpewncvmyc0lta4sc14dg7ivg57n2fwg.jpg\" \/>\n<meta name=\"twitter:card\" content=\"summary_large_image\" \/>\n<meta name=\"twitter:label1\" content=\"Dur\u00e9e de lecture estim\u00e9e\" \/>\n\t<meta name=\"twitter:data1\" content=\"3 minutes\" \/>\n<script type=\"application\/ld+json\" class=\"yoast-schema-graph\">{\"@context\":\"https:\/\/schema.org\",\"@graph\":[{\"@type\":\"WebPage\",\"@id\":\"https:\/\/www.ecodepol.be\/index.php\/qui-sommes-nous\/\",\"url\":\"https:\/\/www.ecodepol.be\/index.php\/qui-sommes-nous\/\",\"name\":\"Notre soci\u00e9t\u00e9 -\",\"isPartOf\":{\"@id\":\"https:\/\/www.ecodepol.be\/#website\"},\"datePublished\":\"2022-11-08T07:59:53+00:00\",\"dateModified\":\"2025-08-07T08:31:53+00:00\",\"breadcrumb\":{\"@id\":\"https:\/\/www.ecodepol.be\/index.php\/qui-sommes-nous\/#breadcrumb\"},\"inLanguage\":\"fr-FR\",\"potentialAction\":[{\"@type\":\"ReadAction\",\"target\":[\"https:\/\/www.ecodepol.be\/index.php\/qui-sommes-nous\/\"]}]},{\"@type\":\"BreadcrumbList\",\"@id\":\"https:\/\/www.ecodepol.be\/index.php\/qui-sommes-nous\/#breadcrumb\",\"itemListElement\":[{\"@type\":\"ListItem\",\"position\":1,\"name\":\"Accueil\",\"item\":\"https:\/\/www.ecodepol.be\/\"},{\"@type\":\"ListItem\",\"position\":2,\"name\":\"Notre soci\u00e9t\u00e9\"}]},{\"@type\":\"WebSite\",\"@id\":\"https:\/\/www.ecodepol.be\/#website\",\"url\":\"https:\/\/www.ecodepol.be\/\",\"name\":\"Ecodepol\",\"description\":\"Ecodepol -  D\u00e9pollution - Inondations - Pollution mazout - Interventions d&#039;urgence\",\"publisher\":{\"@id\":\"https:\/\/www.ecodepol.be\/#organization\"},\"potentialAction\":[{\"@type\":\"SearchAction\",\"target\":{\"@type\":\"EntryPoint\",\"urlTemplate\":\"https:\/\/www.ecodepol.be\/?s={search_term_string}\"},\"query-input\":\"required name=search_term_string\"}],\"inLanguage\":\"fr-FR\"},{\"@type\":\"Organization\",\"@id\":\"https:\/\/www.ecodepol.be\/#organization\",\"name\":\"Ecodepol\",\"url\":\"https:\/\/www.ecodepol.be\/\",\"logo\":{\"@type\":\"ImageObject\",\"inLanguage\":\"fr-FR\",\"@id\":\"https:\/\/www.ecodepol.be\/#\/schema\/logo\/image\/\",\"url\":\"https:\/\/www.ecodepol.be\/wp-content\/uploads\/2023\/01\/cropped-ecodepol-logo.png\",\"contentUrl\":\"https:\/\/www.ecodepol.be\/wp-content\/uploads\/2023\/01\/cropped-ecodepol-logo.png\",\"width\":1416,\"height\":373,\"caption\":\"Ecodepol\"},\"image\":{\"@id\":\"https:\/\/www.ecodepol.be\/#\/schema\/logo\/image\/\"},\"sameAs\":[\"https:\/\/www.linkedin.com\/company\/ecodepol\",\"https:\/\/www.instagram.com\/ecodepol\",\"https:\/\/www.facebook.com\/ecodepol\"]}]}<\/script>\n<!-- \/ Yoast SEO plugin. -->","yoast_head_json":{"title":"Notre soci\u00e9t\u00e9 -","robots":{"index":"index","follow":"follow","max-snippet":"max-snippet:-1","max-image-preview":"max-image-preview:large","max-video-preview":"max-video-preview:-1"},"canonical":"https:\/\/www.ecodepol.be\/index.php\/qui-sommes-nous\/","og_locale":"fr_FR","og_type":"article","og_title":"Notre soci\u00e9t\u00e9 -","og_description":"Notre soci\u00e9t\u00e9 Les fondateurs Nous sommes deux : Guy Desmedt et Rach\u00e8le Fontenelle. Anciens coll\u00e8gues, nous avons travaill\u00e9 ensemble plus de dix ans dans plusieurs entreprises du secteur environnemental. Aujourd\u2019hui, nous avons choisi de cr\u00e9er une structure \u00e0 taille humaine, \u00e0 notre image. Guy, c\u2019est l\u2019homme de terrain. Chauffeur poids-lourd, terrassier, op\u00e9rateur camion vacuum, technicien, ... Lire la suite","og_url":"https:\/\/www.ecodepol.be\/index.php\/qui-sommes-nous\/","article_publisher":"https:\/\/www.facebook.com\/ecodepol","article_modified_time":"2025-08-07T08:31:53+00:00","og_image":[{"url":"https:\/\/www.ecodepol.be\/wp-content\/uploads\/elementor\/thumbs\/Ecodepol-2-683x1024-1-r73myyv03xqpewncvmyc0lta4sc14dg7ivg57n2fwg.jpg"}],"twitter_card":"summary_large_image","twitter_misc":{"Dur\u00e9e de lecture estim\u00e9e":"3 minutes"},"schema":{"@context":"https:\/\/schema.org","@graph":[{"@type":"WebPage","@id":"https:\/\/www.ecodepol.be\/index.php\/qui-sommes-nous\/","url":"https:\/\/www.ecodepol.be\/index.php\/qui-sommes-nous\/","name":"Notre soci\u00e9t\u00e9 -","isPartOf":{"@id":"https:\/\/www.ecodepol.be\/#website"},"datePublished":"2022-11-08T07:59:53+00:00","dateModified":"2025-08-07T08:31:53+00:00","breadcrumb":{"@id":"https:\/\/www.ecodepol.be\/index.php\/qui-sommes-nous\/#breadcrumb"},"inLanguage":"fr-FR","potentialAction":[{"@type":"ReadAction","target":["https:\/\/www.ecodepol.be\/index.php\/qui-sommes-nous\/"]}]},{"@type":"BreadcrumbList","@id":"https:\/\/www.ecodepol.be\/index.php\/qui-sommes-nous\/#breadcrumb","itemListElement":[{"@type":"ListItem","position":1,"name":"Accueil","item":"https:\/\/www.ecodepol.be\/"},{"@type":"ListItem","position":2,"name":"Notre soci\u00e9t\u00e9"}]},{"@type":"WebSite","@id":"https:\/\/www.ecodepol.be\/#website","url":"https:\/\/www.ecodepol.be\/","name":"Ecodepol","description":"Ecodepol -  D\u00e9pollution - Inondations - Pollution mazout - Interventions d&#039;urgence","publisher":{"@id":"https:\/\/www.ecodepol.be\/#organization"},"potentialAction":[{"@type":"SearchAction","target":{"@type":"EntryPoint","urlTemplate":"https:\/\/www.ecodepol.be\/?s={search_term_string}"},"query-input":"required name=search_term_string"}],"inLanguage":"fr-FR"},{"@type":"Organization","@id":"https:\/\/www.ecodepol.be\/#organization","name":"Ecodepol","url":"https:\/\/www.ecodepol.be\/","logo":{"@type":"ImageObject","inLanguage":"fr-FR","@id":"https:\/\/www.ecodepol.be\/#\/schema\/logo\/image\/","url":"https:\/\/www.ecodepol.be\/wp-content\/uploads\/2023\/01\/cropped-ecodepol-logo.png","contentUrl":"https:\/\/www.ecodepol.be\/wp-content\/uploads\/2023\/01\/cropped-ecodepol-logo.png","width":1416,"height":373,"caption":"Ecodepol"},"image":{"@id":"https:\/\/www.ecodepol.be\/#\/schema\/logo\/image\/"},"sameAs":["https:\/\/www.linkedin.com\/company\/ecodepol","https:\/\/www.instagram.com\/ecodepol","https:\/\/www.facebook.com\/ecodepol"]}]}},"_links":{"self":[{"href":"https:\/\/www.ecodepol.be\/index.php\/wp-json\/wp\/v2\/pages\/20","targetHints":{"allow":["GET"]}}],"collection":[{"href":"https:\/\/www.ecodepol.be\/index.php\/wp-json\/wp\/v2\/pages"}],"about":[{"href":"https:\/\/www.ecodepol.be\/index.php\/wp-json\/wp\/v2\/types\/page"}],"author":[{"embeddable":true,"href":"https:\/\/www.ecodepol.be\/index.php\/wp-json\/wp\/v2\/users\/1"}],"replies":[{"embeddable":true,"href":"https:\/\/www.ecodepol.be\/index.php\/wp-json\/wp\/v2\/comments?post=20"}],"version-history":[{"count":60,"href":"https:\/\/www.ecodepol.be\/index.php\/wp-json\/wp\/v2\/pages\/20\/revisions"}],"predecessor-version":[{"id":985,"href":"https:\/\/www.ecodepol.be\/index.php\/wp-json\/wp\/v2\/pages\/20\/revisions\/985"}],"wp:attachment":[{"href":"https:\/\/www.ecodepol.be\/index.php\/wp-json\/wp\/v2\/media?parent=20"}],"curies":[{"name":"wp","href":"https:\/\/api.w.org\/{rel}","templated":true}]}}